{"id":1816,"date":"2024-02-01T14:20:12","date_gmt":"2024-02-01T12:20:12","guid":{"rendered":"https:\/\/observatoriodelplacer.com\/?page_id=1816"},"modified":"2024-10-31T13:38:58","modified_gmt":"2024-10-31T11:38:58","slug":"grado-cero","status":"publish","type":"page","link":"https:\/\/observatoriodelplacer.com\/en\/grado-cero\/","title":{"rendered":"GRADO CERO por Ornella Bodratto y Sofia Sasso"},"content":{"rendered":"\n<div class=\"wp-block-columns is-layout-flex wp-container-core-columns-is-layout-28f84493 wp-block-columns-is-layout-flex\">\n<div class=\"wp-block-column is-layout-flow wp-block-column-is-layout-flow\">\n<h5 class=\"wp-block-heading\">_ Residencia art\u00edstica Grado Cero 15 &#8211; 19 julio 2024<br>_ <a href=\"https:\/\/observatoriodelplacer.com\/grado-cero-espacio-inmersivo\/\" data-type=\"page\" data-id=\"2390\">Grado cero -espacio inmersivo 19 julio<\/a><\/h5>\n\n\n\n<p>Si pudi\u00e9ramos entrar en las memorias del deseo e inventar con ello, una cronolog\u00eda especulativa hacia atr\u00e1s: \u00bfLlegar\u00edamos al grado cero del deseo? \u00bfSer\u00eda posible des-configurar un deseo hasta su punto de inicio? \u00bfO ser\u00e1 que el deseo empieza en varios puntos a la vez?&nbsp;<\/p>\n\n\n\n<p>Si el deseo fuera una especie, que devela a trav\u00e9s de sus huellas memorias propias, pero tambi\u00e9n memorias interconectadas con otras especies: \u00bfCu\u00e1l ser\u00eda su peso? \u00bfC\u00f3mo respirar\u00eda? \u00bfC\u00f3mo sonar\u00eda? \u00bfQu\u00e9 olor emanar\u00eda? \u00bfQu\u00e9 sabores tendr\u00eda? \u00bfQu\u00e9 temperaturas y humedades? \u00bfCu\u00e1l ser\u00eda su pulso? \u00bfSus colores, texturas? \u00bfQu\u00e9 ecosistemas habitar\u00eda?<\/p>\n\n\n\n<p>Partiendo de los aportes en torno a la teor\u00eda endosimbi\u00f3tica de Lynn Margulis y siguiendo los mecanismos de colaboraci\u00f3n entre especies de nuestro planeta, nos interesa inventar interconexiones h\u00edbridas entre el deseo, imaginado como una especie en particular, con otras materialidades y especies humanas y no-humanas.<br>Durante la residencia navegaremos en la fantas\u00eda del deseo como especie, buscaremos fusionarlo a trav\u00e9s de dispositivos visuales y sonoros, y crearemos campos simbi\u00f3ticos inventados, donde pueda convivir junto a otras especies imaginarias. Estos <em>ecosistemas deseantes,<\/em> que surjan de las experimentaciones, tendr\u00e1n como centro de acci\u00f3n el despojo de los agenciamientos humanos y los mecanismos del deseo que hemos aprendido hasta ahora. El proceso de investigaci\u00f3n ser\u00e1 abierto a trav\u00e9s de una activaci\u00f3n p\u00fablica e inmersiva que ser\u00e1 accesible y contemplar\u00e1 todas las corporalidades y tipos de movilidad. Invitamos a sumergirnos colectiva y sensiblemente en las aguas de los\/nuestros deseos y des-con-figurar-nos de los tejidos deseantes conocidos\u2026 Bienvenides.<\/p>\n\n\n\n<hr class=\"wp-block-separator has-alpha-channel-opacity\"\/>\n\n\n\n<h2 class=\"wp-block-heading\">Ornella Bodratto y Sofia Sasso<\/h2>\n\n\n\n<p>Somos Ornella y Sof\u00eda, hace tiempo nos conecta un hilo invisible que funciona como red de afectos y tambi\u00e9n como red de experimentos creativos, l\u00fadicos, audio-visuales, sensoriales. Ese mismo hilo, que es red, tambi\u00e9n es herramienta y nos permite imaginar espacios inventados, fuera del mundo que azota, aunque sea por un ratito. Ese mismo hilo que nos conecta, nos hace conspirar, habitar el desliz del tiempo, el destiempo.&nbsp; Ese mismo hilo, nos empuja a seguir creando nuevas redes para nosotras y tambi\u00e9n para compartir con otres que lleven sus hilitos, sus redes.<\/p>\n\n\n\n<p><em><strong>Ornella Bodratto <\/strong><\/em>es Antrop\u00f3loga Sociocultural, M\u00e1ster en Estudios Culturales y Artes Visuales [perspectivas feministas y cuir\/queer]. Actualmente se desempe\u00f1a como docente de Educaci\u00f3n Sexual Integral en nivel medio y en seminarios de grado y posgrado sobre Imagen y Narrativas Pornogr\u00e1ficas en la UB y la UAB. Es investigadora y artista independiente, ha recibido becas de investigaci\u00f3n\/creaci\u00f3n donde desarroll\u00f3 proyectos en torno al imaginario visual pornogr\u00e1fico, en di\u00e1logo con archivos e inteligencia artificial. Ha colaborado y participado en diversas residencias art\u00edsticas, publicaciones y activaciones transfeministas prosexo. Desde 2016 coordina el proyecto colectivo HASTA LAS TETAS que -entre otros ciclos-, autogestiona curadur\u00edas y programas de pornograf\u00edas producidas y situadas en el sur global.<\/p>\n\n\n\n<p><strong><em>Sofia Sasso<\/em><\/strong>, tiene formaci\u00f3n en Publicidad y Dise\u00f1o de Imagen y Sonido. Con m\u00e1s de diez a\u00f1os de experiencia como editora de video, ha centrado su carrera en la fusi\u00f3n creativa de im\u00e1genes, videos y sonido, desde proyectos de instalaci\u00f3n de video arte y proyecciones multimedias, hasta la actual participaci\u00f3n en la industria cinematogr\u00e1fica.<\/p>\n\n\n\n<p>Su experiencia incluye la colaboraci\u00f3n en el colectivo HASTA LAS TETAS, en donde form\u00f3 parte del desarrollo visual y la curadur\u00eda de videos, fusionando video arte y compromiso social\/sexual. Como Vj en el proyecto NENO, ha llevado sus proyecciones experimentales a nivel internacional a salas, teatros y centros culturales de importantes ciudades del mundo, contribuyendo a la escena visual en constante evoluci\u00f3n. Su carrera es un continuo proceso de exploraci\u00f3n de nuevas formas de narrativa visual, guiada por el principio de la experimentaci\u00f3n creativa, y la&nbsp; expansi\u00f3n de sus l\u00edmites.<\/p>\n\n\n\n<p><a href=\"https:\/\/www.instagram.com\/neno_av\" target=\"_blank\" rel=\"noreferrer noopener\"><strong>https:\/\/www.instagram.com\/neno_av<\/strong><\/a><\/p>\n<\/div>\n\n\n\n<div class=\"wp-block-column is-layout-flow wp-block-column-is-layout-flow\" style=\"flex-basis:30%\">\n<figure class=\"wp-block-video\"><video autoplay controls loop src=\"https:\/\/observatoriodelplacer.com\/wp-content\/uploads\/gradocero.mp4\"><\/video><\/figure>\n\n\n\n<p><\/p>\n\n\n\n<figure class=\"wp-block-image size-large\"><img loading=\"lazy\" decoding=\"async\" width=\"744\" height=\"1024\" src=\"https:\/\/observatoriodelplacer.com\/wp-content\/uploads\/2024\/10\/20240719_204353-1-744x1024.jpg\" alt=\"\" class=\"wp-image-3025\" srcset=\"https:\/\/observatoriodelplacer.com\/wp-content\/uploads\/2024\/10\/20240719_204353-1-744x1024.jpg 744w, https:\/\/observatoriodelplacer.com\/wp-content\/uploads\/2024\/10\/20240719_204353-1-218x300.jpg 218w, https:\/\/observatoriodelplacer.com\/wp-content\/uploads\/2024\/10\/20240719_204353-1-768x1057.jpg 768w, https:\/\/observatoriodelplacer.com\/wp-content\/uploads\/2024\/10\/20240719_204353-1-1116x1536.jpg 1116w, https:\/\/observatoriodelplacer.com\/wp-content\/uploads\/2024\/10\/20240719_204353-1-1488x2048.jpg 1488w, https:\/\/observatoriodelplacer.com\/wp-content\/uploads\/2024\/10\/20240719_204353-1-9x12.jpg 9w, https:\/\/observatoriodelplacer.com\/wp-content\/uploads\/2024\/10\/20240719_204353-1.jpg 1800w\" sizes=\"auto, (max-width: 744px) 100vw, 744px\" \/><\/figure>\n\n\n\n<p><\/p>\n\n\n\n<figure class=\"wp-block-image size-large\"><img loading=\"lazy\" decoding=\"async\" width=\"1024\" height=\"461\" src=\"https:\/\/observatoriodelplacer.com\/wp-content\/uploads\/2024\/10\/20240719_205607-1024x461.jpg\" alt=\"residencia art\u00edstica grado cero \" class=\"wp-image-3013\" srcset=\"https:\/\/observatoriodelplacer.com\/wp-content\/uploads\/2024\/10\/20240719_205607-1024x461.jpg 1024w, https:\/\/observatoriodelplacer.com\/wp-content\/uploads\/2024\/10\/20240719_205607-300x135.jpg 300w, https:\/\/observatoriodelplacer.com\/wp-content\/uploads\/2024\/10\/20240719_205607-768x346.jpg 768w, https:\/\/observatoriodelplacer.com\/wp-content\/uploads\/2024\/10\/20240719_205607-1536x691.jpg 1536w, https:\/\/observatoriodelplacer.com\/wp-content\/uploads\/2024\/10\/20240719_205607-2048x922.jpg 2048w, https:\/\/observatoriodelplacer.com\/wp-content\/uploads\/2024\/10\/20240719_205607-18x8.jpg 18w\" sizes=\"auto, (max-width: 1024px) 100vw, 1024px\" \/><\/figure>\n\n\n\n<p><\/p>\n\n\n\n<figure class=\"wp-block-image size-large\"><img loading=\"lazy\" decoding=\"async\" width=\"1024\" height=\"461\" src=\"https:\/\/observatoriodelplacer.com\/wp-content\/uploads\/2024\/10\/20240719_210222-1024x461.jpg\" alt=\"GRADO CERO por Ornella Bodratto y Sofia Sasso\" class=\"wp-image-3024\" srcset=\"https:\/\/observatoriodelplacer.com\/wp-content\/uploads\/2024\/10\/20240719_210222-1024x461.jpg 1024w, https:\/\/observatoriodelplacer.com\/wp-content\/uploads\/2024\/10\/20240719_210222-300x135.jpg 300w, https:\/\/observatoriodelplacer.com\/wp-content\/uploads\/2024\/10\/20240719_210222-768x346.jpg 768w, https:\/\/observatoriodelplacer.com\/wp-content\/uploads\/2024\/10\/20240719_210222-1536x691.jpg 1536w, https:\/\/observatoriodelplacer.com\/wp-content\/uploads\/2024\/10\/20240719_210222-2048x922.jpg 2048w, https:\/\/observatoriodelplacer.com\/wp-content\/uploads\/2024\/10\/20240719_210222-18x8.jpg 18w\" sizes=\"auto, (max-width: 1024px) 100vw, 1024px\" \/><\/figure>\n\n\n\n<p><\/p>\n\n\n\n<figure class=\"wp-block-image size-large is-resized\"><img loading=\"lazy\" decoding=\"async\" width=\"1024\" height=\"461\" src=\"https:\/\/observatoriodelplacer.com\/wp-content\/uploads\/2024\/10\/20240719_211439-1024x461.jpg\" alt=\"GRADO CERO por Ornella Bodratto y Sofia Sasso\" class=\"wp-image-3022\" style=\"width:359px;height:auto\" srcset=\"https:\/\/observatoriodelplacer.com\/wp-content\/uploads\/2024\/10\/20240719_211439-1024x461.jpg 1024w, https:\/\/observatoriodelplacer.com\/wp-content\/uploads\/2024\/10\/20240719_211439-300x135.jpg 300w, https:\/\/observatoriodelplacer.com\/wp-content\/uploads\/2024\/10\/20240719_211439-768x346.jpg 768w, https:\/\/observatoriodelplacer.com\/wp-content\/uploads\/2024\/10\/20240719_211439-1536x691.jpg 1536w, https:\/\/observatoriodelplacer.com\/wp-content\/uploads\/2024\/10\/20240719_211439-2048x922.jpg 2048w, https:\/\/observatoriodelplacer.com\/wp-content\/uploads\/2024\/10\/20240719_211439-18x8.jpg 18w\" sizes=\"auto, (max-width: 1024px) 100vw, 1024px\" \/><\/figure>\n\n\n\n<p><\/p>\n\n\n\n<figure class=\"wp-block-image size-large\"><img loading=\"lazy\" decoding=\"async\" width=\"1024\" height=\"768\" src=\"https:\/\/observatoriodelplacer.com\/wp-content\/uploads\/2024\/02\/OrSof_2-1024x768.jpg\" alt=\"GRADO CERO por Ornella Bodratto y Sofia Sasso\" class=\"wp-image-1817\" srcset=\"https:\/\/observatoriodelplacer.com\/wp-content\/uploads\/2024\/02\/OrSof_2-1024x768.jpg 1024w, https:\/\/observatoriodelplacer.com\/wp-content\/uploads\/2024\/02\/OrSof_2-300x225.jpg 300w, https:\/\/observatoriodelplacer.com\/wp-content\/uploads\/2024\/02\/OrSof_2-768x576.jpg 768w, https:\/\/observatoriodelplacer.com\/wp-content\/uploads\/2024\/02\/OrSof_2-1536x1152.jpg 1536w, https:\/\/observatoriodelplacer.com\/wp-content\/uploads\/2024\/02\/OrSof_2-2048x1536.jpg 2048w\" sizes=\"auto, (max-width: 1024px) 100vw, 1024px\" \/><\/figure>\n\n\n\n<p><\/p>\n<\/div>\n<\/div>\n\n\n\n<div style=\"height:100px\" aria-hidden=\"true\" class=\"wp-block-spacer\"><\/div>\n\n\n\n<figure class=\"wp-block-image size-full\"><img loading=\"lazy\" decoding=\"async\" width=\"100\" height=\"34\" src=\"https:\/\/observatoriodelplacer.com\/wp-content\/uploads\/2024\/08\/logo-3.png\" alt=\"\" class=\"wp-image-2597\" srcset=\"https:\/\/observatoriodelplacer.com\/wp-content\/uploads\/2024\/08\/logo-3.png 100w, https:\/\/observatoriodelplacer.com\/wp-content\/uploads\/2024\/08\/logo-3-18x6.png 18w\" sizes=\"auto, (max-width: 100px) 100vw, 100px\" \/><figcaption class=\"wp-element-caption\">El proyecto de residencias art\u00edsticas OdP 2024 recibe el apoyo del Ayuntamiento de Barcelona.<\/figcaption><\/figure>\n\n\n\n<p><\/p>\n","protected":false},"excerpt":{"rendered":"<p>_ Residencia art\u00edstica Grado Cero 15 &#8211; 19 julio 2024_ Grado cero -espacio inmersivo 19 julio Si pudi\u00e9ramos entrar en las memorias del deseo e inventar con ello, una cronolog\u00eda especulativa hacia atr\u00e1s: \u00bfLlegar\u00edamos al grado cero del deseo? \u00bfSer\u00eda posible des-configurar un deseo hasta su punto de inicio? \u00bfO ser\u00e1 que el deseo empieza [&hellip;]<\/p>\n","protected":false},"author":1,"featured_media":0,"parent":0,"menu_order":0,"comment_status":"closed","ping_status":"closed","template":"","meta":{"site-sidebar-layout":"default","site-content-layout":"","ast-site-content-layout":"","site-content-style":"default","site-sidebar-style":"default","ast-global-header-display":"","ast-banner-title-visibility":"","ast-main-header-display":"","ast-hfb-above-header-display":"","ast-hfb-below-header-display":"","ast-hfb-mobile-header-display":"","site-post-title":"","ast-breadcrumbs-content":"","ast-featured-img":"","footer-sml-layout":"","theme-transparent-header-meta":"","adv-header-id-meta":"","stick-header-meta":"","header-above-stick-meta":"","header-main-stick-meta":"","header-below-stick-meta":"","astra-migrate-meta-layouts":"default","ast-page-background-enabled":"default","ast-page-background-meta":{"desktop":{"background-color":"var(--ast-global-color-4)","background-image":"","background-repeat":"repeat","background-position":"center center","background-size":"auto","background-attachment":"scroll","background-type":"","background-media":"","overlay-type":"","overlay-color":"","overlay-opacity":"","overlay-gradient":""},"tablet":{"background-color":"","background-image":"","background-repeat":"repeat","background-position":"center center","background-size":"auto","background-attachment":"scroll","background-type":"","background-media":"","overlay-type":"","overlay-color":"","overlay-opacity":"","overlay-gradient":""},"mobile":{"background-color":"","background-image":"","background-repeat":"repeat","background-position":"center center","background-size":"auto","background-attachment":"scroll","background-type":"","background-media":"","overlay-type":"","overlay-color":"","overlay-opacity":"","overlay-gradient":""}},"ast-content-background-meta":{"desktop":{"background-color":"var(--ast-global-color-5)","background-image":"","background-repeat":"repeat","background-position":"center center","background-size":"auto","background-attachment":"scroll","background-type":"","background-media":"","overlay-type":"","overlay-color":"","overlay-opacity":"","overlay-gradient":""},"tablet":{"background-color":"var(--ast-global-color-5)","background-image":"","background-repeat":"repeat","background-position":"center center","background-size":"auto","background-attachment":"scroll","background-type":"","background-media":"","overlay-type":"","overlay-color":"","overlay-opacity":"","overlay-gradient":""},"mobile":{"background-color":"var(--ast-global-color-5)","background-image":"","background-repeat":"repeat","background-position":"center center","background-size":"auto","background-attachment":"scroll","background-type":"","background-media":"","overlay-type":"","overlay-color":"","overlay-opacity":"","overlay-gradient":""}},"footnotes":""},"class_list":["post-1816","page","type-page","status-publish","hentry"],"_links":{"self":[{"href":"https:\/\/observatoriodelplacer.com\/en\/wp-json\/wp\/v2\/pages\/1816","targetHints":{"allow":["GET"]}}],"collection":[{"href":"https:\/\/observatoriodelplacer.com\/en\/wp-json\/wp\/v2\/pages"}],"about":[{"href":"https:\/\/observatoriodelplacer.com\/en\/wp-json\/wp\/v2\/types\/page"}],"author":[{"embeddable":true,"href":"https:\/\/observatoriodelplacer.com\/en\/wp-json\/wp\/v2\/users\/1"}],"replies":[{"embeddable":true,"href":"https:\/\/observatoriodelplacer.com\/en\/wp-json\/wp\/v2\/comments?post=1816"}],"version-history":[{"count":19,"href":"https:\/\/observatoriodelplacer.com\/en\/wp-json\/wp\/v2\/pages\/1816\/revisions"}],"predecessor-version":[{"id":3030,"href":"https:\/\/observatoriodelplacer.com\/en\/wp-json\/wp\/v2\/pages\/1816\/revisions\/3030"}],"wp:attachment":[{"href":"https:\/\/observatoriodelplacer.com\/en\/wp-json\/wp\/v2\/media?parent=1816"}],"curies":[{"name":"wp","href":"https:\/\/api.w.org\/{rel}","templated":true}]}}